{"id":2129,"date":"2026-04-27T17:32:35","date_gmt":"2026-04-27T15:32:35","guid":{"rendered":"https:\/\/libertapraxis.com\/?post_type=esemeny&#038;p=2129"},"modified":"2026-04-27T17:33:44","modified_gmt":"2026-04-27T15:33:44","slug":"filozofiakavehaz-szekszardon","status":"publish","type":"esemeny","link":"https:\/\/libertapraxis.com\/en\/esemeny\/filozofiakavehaz-szekszardon\/","title":{"rendered":"Filoz\u00f3fiak\u00e1v\u00e9h\u00e1z Szeksz\u00e1rdon"},"content":{"rendered":"<p>T\u00e9ma: TUD\u00c1S<\/p>\n\n\n\n<p><\/p>\n\n\n\n<p>\u201eMinden embernek term\u00e9szete, hogy t\u00f6rekszik a tud\u00e1sra.\u201d Arisztotel\u00e9z, Metafizika<\/p>\n\n\n\n<p>&nbsp;<\/p>\n\n\n\n<p><a>A filoz\u00f3fiai k\u00e1v\u00e9h\u00e1z egy nyilv\u00e1nos, b\u00e1rki \u00e1ltal l\u00e1togathat\u00f3 \u00f6sszej\u00f6vetel, ahol a r\u00e9sztvev\u0151k k\u00f6z\u00f6s filoz\u00f3fiai besz\u00e9lget\u00e9seken vesznek r\u00e9szt \u00e9s mintegy maguk v\u00e1lnak filoz\u00f3fusokk\u00e1, egy k\u00e9pzett moder\u00e1tor ir\u00e1ny\u00edt\u00e1s\u00e1val.<\/a><\/p>\n\n\n\n<p>Moder\u00e1tor: Csonka-van Reijswoud Liberta a PTE KPVK oktat\u00f3ja<\/p>\n\n\n\n<p>7100 Szeksz\u00e1rd, R\u00e1k\u00f3czi u. 1.<\/p>","protected":false},"excerpt":{"rendered":"<p>T\u00e9ma: TUD\u00c1S \u201eMinden embernek term\u00e9szete, hogy t\u00f6rekszik a tud\u00e1sra.\u201d Arisztotel\u00e9z, Metafizika &nbsp; A filoz\u00f3fiai k\u00e1v\u00e9h\u00e1z egy nyilv\u00e1nos, b\u00e1rki \u00e1ltal l\u00e1togathat\u00f3 \u00f6sszej\u00f6vetel, ahol a r\u00e9sztvev\u0151k k\u00f6z\u00f6s filoz\u00f3fiai besz\u00e9lget\u00e9seken vesznek r\u00e9szt \u00e9s mintegy maguk v\u00e1lnak filoz\u00f3fusokk\u00e1, egy k\u00e9pzett moder\u00e1tor ir\u00e1ny\u00edt\u00e1s\u00e1val. Moder\u00e1tor: Csonka-van Reijswoud Liberta a PTE KPVK oktat\u00f3ja 7100 Szeksz\u00e1rd, R\u00e1k\u00f3czi u. 1.<\/p>","protected":false},"featured_media":2130,"parent":0,"template":"","meta":{"_acf_changed":false},"categories":[19],"tags":[11],"class_list":["post-2129","esemeny","type-esemeny","status-publish","has-post-thumbnail","hentry","category-filozofiai-kavehaz","tag-aktualis"],"acf":[],"yoast_head":"<!-- This site is optimized with the Yoast SEO Premium plugin v27.5 (Yoast SEO v27.5) - https:\/\/yoast.com\/product\/yoast-seo-premium-wordpress\/ -->\n<title>Filoz\u00f3fiak\u00e1v\u00e9h\u00e1z Szeksz\u00e1rdon - Liberta Praxis<\/title>\n<meta name=\"robots\" content=\"index, follow, max-snippet:-1, max-image-preview:large, max-video-preview:-1\" \/>\n<link rel=\"canonical\" href=\"https:\/\/libertapraxis.com\/en\/esemeny\/filozofiakavehaz-szekszardon\/\" \/>\n<meta property=\"og:locale\" content=\"en_US\" \/>\n<meta property=\"og:type\" content=\"article\" \/>\n<meta property=\"og:title\" content=\"Filoz\u00f3fiak\u00e1v\u00e9h\u00e1z Szeksz\u00e1rdon\" \/>\n<meta property=\"og:description\" content=\"T\u00e9ma: TUD\u00c1S \u201eMinden embernek term\u00e9szete, hogy t\u00f6rekszik a tud\u00e1sra.\u201d Arisztotel\u00e9z, Metafizika &nbsp; A filoz\u00f3fiai k\u00e1v\u00e9h\u00e1z egy nyilv\u00e1nos, b\u00e1rki \u00e1ltal l\u00e1togathat\u00f3 \u00f6sszej\u00f6vetel, ahol a r\u00e9sztvev\u0151k k\u00f6z\u00f6s filoz\u00f3fiai besz\u00e9lget\u00e9seken vesznek r\u00e9szt \u00e9s mintegy maguk v\u00e1lnak filoz\u00f3fusokk\u00e1, egy k\u00e9pzett moder\u00e1tor ir\u00e1ny\u00edt\u00e1s\u00e1val. Moder\u00e1tor: Csonka-van Reijswoud Liberta a PTE KPVK oktat\u00f3ja 7100 Szeksz\u00e1rd, R\u00e1k\u00f3czi u. 1.\" \/>\n<meta property=\"og:url\" content=\"https:\/\/libertapraxis.com\/en\/esemeny\/filozofiakavehaz-szekszardon\/\" \/>\n<meta property=\"og:site_name\" content=\"Liberta Praxis\" \/>\n<meta property=\"article:publisher\" content=\"https:\/\/www.facebook.com\/berta.csonka\" \/>\n<meta property=\"article:modified_time\" content=\"2026-04-27T15:33:44+00:00\" \/>\n<meta property=\"og:image\" content=\"https:\/\/libertapraxis.com\/wp-content\/uploads\/2026\/04\/674217918_1598013972324611_5204162250874734789_n.jpg\" \/>\n\t<meta property=\"og:image:width\" content=\"960\" \/>\n\t<meta property=\"og:image:height\" content=\"540\" \/>\n\t<meta property=\"og:image:type\" content=\"image\/jpeg\" \/>\n<meta name=\"twitter:card\" content=\"summary_large_image\" \/>\n<meta name=\"twitter:label1\" content=\"Est. reading time\" \/>\n\t<meta name=\"twitter:data1\" content=\"1 minute\" \/>\n<script type=\"application\/ld+json\" class=\"yoast-schema-graph\">{\"@context\":\"https:\\\/\\\/schema.org\",\"@graph\":[{\"@type\":\"WebPage\",\"@id\":\"https:\\\/\\\/libertapraxis.com\\\/esemeny\\\/filozofiakavehaz-szekszardon\\\/\",\"url\":\"https:\\\/\\\/libertapraxis.com\\\/esemeny\\\/filozofiakavehaz-szekszardon\\\/\",\"name\":\"Filoz\u00f3fiak\u00e1v\u00e9h\u00e1z Szeksz\u00e1rdon - Liberta Praxis\",\"isPartOf\":{\"@id\":\"https:\\\/\\\/libertapraxis.com\\\/#website\"},\"primaryImageOfPage\":{\"@id\":\"https:\\\/\\\/libertapraxis.com\\\/esemeny\\\/filozofiakavehaz-szekszardon\\\/#primaryimage\"},\"image\":{\"@id\":\"https:\\\/\\\/libertapraxis.com\\\/esemeny\\\/filozofiakavehaz-szekszardon\\\/#primaryimage\"},\"thumbnailUrl\":\"https:\\\/\\\/libertapraxis.com\\\/wp-content\\\/uploads\\\/2026\\\/04\\\/674217918_1598013972324611_5204162250874734789_n.jpg\",\"datePublished\":\"2026-04-27T15:32:35+00:00\",\"dateModified\":\"2026-04-27T15:33:44+00:00\",\"breadcrumb\":{\"@id\":\"https:\\\/\\\/libertapraxis.com\\\/esemeny\\\/filozofiakavehaz-szekszardon\\\/#breadcrumb\"},\"inLanguage\":\"en-US\",\"potentialAction\":[{\"@type\":\"ReadAction\",\"target\":[\"https:\\\/\\\/libertapraxis.com\\\/esemeny\\\/filozofiakavehaz-szekszardon\\\/\"]}]},{\"@type\":\"ImageObject\",\"inLanguage\":\"en-US\",\"@id\":\"https:\\\/\\\/libertapraxis.com\\\/esemeny\\\/filozofiakavehaz-szekszardon\\\/#primaryimage\",\"url\":\"https:\\\/\\\/libertapraxis.com\\\/wp-content\\\/uploads\\\/2026\\\/04\\\/674217918_1598013972324611_5204162250874734789_n.jpg\",\"contentUrl\":\"https:\\\/\\\/libertapraxis.com\\\/wp-content\\\/uploads\\\/2026\\\/04\\\/674217918_1598013972324611_5204162250874734789_n.jpg\",\"width\":960,\"height\":540},{\"@type\":\"BreadcrumbList\",\"@id\":\"https:\\\/\\\/libertapraxis.com\\\/esemeny\\\/filozofiakavehaz-szekszardon\\\/#breadcrumb\",\"itemListElement\":[{\"@type\":\"ListItem\",\"position\":1,\"name\":\"Kezd\u0151lap\",\"item\":\"https:\\\/\\\/libertapraxis.com\\\/\"},{\"@type\":\"ListItem\",\"position\":2,\"name\":\"Esem\u00e9nyek\",\"item\":\"https:\\\/\\\/libertapraxis.com\\\/esemenyek\\\/\"},{\"@type\":\"ListItem\",\"position\":3,\"name\":\"Filoz\u00f3fiak\u00e1v\u00e9h\u00e1z Szeksz\u00e1rdon\"}]},{\"@type\":\"WebSite\",\"@id\":\"https:\\\/\\\/libertapraxis.com\\\/#website\",\"url\":\"https:\\\/\\\/libertapraxis.com\\\/\",\"name\":\"Liberta Praxis\",\"description\":\"Csonka Liberta weboldala\",\"publisher\":{\"@id\":\"https:\\\/\\\/libertapraxis.com\\\/#organization\"},\"potentialAction\":[{\"@type\":\"SearchAction\",\"target\":{\"@type\":\"EntryPoint\",\"urlTemplate\":\"https:\\\/\\\/libertapraxis.com\\\/?s={search_term_string}\"},\"query-input\":{\"@type\":\"PropertyValueSpecification\",\"valueRequired\":true,\"valueName\":\"search_term_string\"}}],\"inLanguage\":\"en-US\"},{\"@type\":\"Organization\",\"@id\":\"https:\\\/\\\/libertapraxis.com\\\/#organization\",\"name\":\"Liberta Praxis\",\"url\":\"https:\\\/\\\/libertapraxis.com\\\/\",\"logo\":{\"@type\":\"ImageObject\",\"inLanguage\":\"en-US\",\"@id\":\"https:\\\/\\\/libertapraxis.com\\\/#\\\/schema\\\/logo\\\/image\\\/\",\"url\":\"http:\\\/\\\/libertapraxis.com\\\/wp-content\\\/uploads\\\/2025\\\/04\\\/cropped-liberta_logo_ikon.png\",\"contentUrl\":\"http:\\\/\\\/libertapraxis.com\\\/wp-content\\\/uploads\\\/2025\\\/04\\\/cropped-liberta_logo_ikon.png\",\"width\":512,\"height\":512,\"caption\":\"Liberta Praxis\"},\"image\":{\"@id\":\"https:\\\/\\\/libertapraxis.com\\\/#\\\/schema\\\/logo\\\/image\\\/\"},\"sameAs\":[\"https:\\\/\\\/www.facebook.com\\\/berta.csonka\"]}]}<\/script>\n<!-- \/ Yoast SEO Premium plugin. -->","yoast_head_json":{"title":"Filoz\u00f3fiak\u00e1v\u00e9h\u00e1z Szeksz\u00e1rdon - Liberta Praxis","robots":{"index":"index","follow":"follow","max-snippet":"max-snippet:-1","max-image-preview":"max-image-preview:large","max-video-preview":"max-video-preview:-1"},"canonical":"https:\/\/libertapraxis.com\/en\/esemeny\/filozofiakavehaz-szekszardon\/","og_locale":"en_US","og_type":"article","og_title":"Filoz\u00f3fiak\u00e1v\u00e9h\u00e1z Szeksz\u00e1rdon","og_description":"T\u00e9ma: TUD\u00c1S \u201eMinden embernek term\u00e9szete, hogy t\u00f6rekszik a tud\u00e1sra.\u201d Arisztotel\u00e9z, Metafizika &nbsp; A filoz\u00f3fiai k\u00e1v\u00e9h\u00e1z egy nyilv\u00e1nos, b\u00e1rki \u00e1ltal l\u00e1togathat\u00f3 \u00f6sszej\u00f6vetel, ahol a r\u00e9sztvev\u0151k k\u00f6z\u00f6s filoz\u00f3fiai besz\u00e9lget\u00e9seken vesznek r\u00e9szt \u00e9s mintegy maguk v\u00e1lnak filoz\u00f3fusokk\u00e1, egy k\u00e9pzett moder\u00e1tor ir\u00e1ny\u00edt\u00e1s\u00e1val. Moder\u00e1tor: Csonka-van Reijswoud Liberta a PTE KPVK oktat\u00f3ja 7100 Szeksz\u00e1rd, R\u00e1k\u00f3czi u. 1.","og_url":"https:\/\/libertapraxis.com\/en\/esemeny\/filozofiakavehaz-szekszardon\/","og_site_name":"Liberta Praxis","article_publisher":"https:\/\/www.facebook.com\/berta.csonka","article_modified_time":"2026-04-27T15:33:44+00:00","og_image":[{"width":960,"height":540,"url":"https:\/\/libertapraxis.com\/wp-content\/uploads\/2026\/04\/674217918_1598013972324611_5204162250874734789_n.jpg","type":"image\/jpeg"}],"twitter_card":"summary_large_image","twitter_misc":{"Est. reading time":"1 minute"},"schema":{"@context":"https:\/\/schema.org","@graph":[{"@type":"WebPage","@id":"https:\/\/libertapraxis.com\/esemeny\/filozofiakavehaz-szekszardon\/","url":"https:\/\/libertapraxis.com\/esemeny\/filozofiakavehaz-szekszardon\/","name":"Filoz\u00f3fiak\u00e1v\u00e9h\u00e1z Szeksz\u00e1rdon - Liberta Praxis","isPartOf":{"@id":"https:\/\/libertapraxis.com\/#website"},"primaryImageOfPage":{"@id":"https:\/\/libertapraxis.com\/esemeny\/filozofiakavehaz-szekszardon\/#primaryimage"},"image":{"@id":"https:\/\/libertapraxis.com\/esemeny\/filozofiakavehaz-szekszardon\/#primaryimage"},"thumbnailUrl":"https:\/\/libertapraxis.com\/wp-content\/uploads\/2026\/04\/674217918_1598013972324611_5204162250874734789_n.jpg","datePublished":"2026-04-27T15:32:35+00:00","dateModified":"2026-04-27T15:33:44+00:00","breadcrumb":{"@id":"https:\/\/libertapraxis.com\/esemeny\/filozofiakavehaz-szekszardon\/#breadcrumb"},"inLanguage":"en-US","potentialAction":[{"@type":"ReadAction","target":["https:\/\/libertapraxis.com\/esemeny\/filozofiakavehaz-szekszardon\/"]}]},{"@type":"ImageObject","inLanguage":"en-US","@id":"https:\/\/libertapraxis.com\/esemeny\/filozofiakavehaz-szekszardon\/#primaryimage","url":"https:\/\/libertapraxis.com\/wp-content\/uploads\/2026\/04\/674217918_1598013972324611_5204162250874734789_n.jpg","contentUrl":"https:\/\/libertapraxis.com\/wp-content\/uploads\/2026\/04\/674217918_1598013972324611_5204162250874734789_n.jpg","width":960,"height":540},{"@type":"BreadcrumbList","@id":"https:\/\/libertapraxis.com\/esemeny\/filozofiakavehaz-szekszardon\/#breadcrumb","itemListElement":[{"@type":"ListItem","position":1,"name":"Kezd\u0151lap","item":"https:\/\/libertapraxis.com\/"},{"@type":"ListItem","position":2,"name":"Esem\u00e9nyek","item":"https:\/\/libertapraxis.com\/esemenyek\/"},{"@type":"ListItem","position":3,"name":"Filoz\u00f3fiak\u00e1v\u00e9h\u00e1z Szeksz\u00e1rdon"}]},{"@type":"WebSite","@id":"https:\/\/libertapraxis.com\/#website","url":"https:\/\/libertapraxis.com\/","name":"Liberta Praxis","description":"Csonka Liberta weboldala","publisher":{"@id":"https:\/\/libertapraxis.com\/#organization"},"potentialAction":[{"@type":"SearchAction","target":{"@type":"EntryPoint","urlTemplate":"https:\/\/libertapraxis.com\/?s={search_term_string}"},"query-input":{"@type":"PropertyValueSpecification","valueRequired":true,"valueName":"search_term_string"}}],"inLanguage":"en-US"},{"@type":"Organization","@id":"https:\/\/libertapraxis.com\/#organization","name":"Liberta Praxis","url":"https:\/\/libertapraxis.com\/","logo":{"@type":"ImageObject","inLanguage":"en-US","@id":"https:\/\/libertapraxis.com\/#\/schema\/logo\/image\/","url":"http:\/\/libertapraxis.com\/wp-content\/uploads\/2025\/04\/cropped-liberta_logo_ikon.png","contentUrl":"http:\/\/libertapraxis.com\/wp-content\/uploads\/2025\/04\/cropped-liberta_logo_ikon.png","width":512,"height":512,"caption":"Liberta Praxis"},"image":{"@id":"https:\/\/libertapraxis.com\/#\/schema\/logo\/image\/"},"sameAs":["https:\/\/www.facebook.com\/berta.csonka"]}]}},"_links":{"self":[{"href":"https:\/\/libertapraxis.com\/en\/wp-json\/wp\/v2\/esemeny\/2129","targetHints":{"allow":["GET"]}}],"collection":[{"href":"https:\/\/libertapraxis.com\/en\/wp-json\/wp\/v2\/esemeny"}],"about":[{"href":"https:\/\/libertapraxis.com\/en\/wp-json\/wp\/v2\/types\/esemeny"}],"version-history":[{"count":2,"href":"https:\/\/libertapraxis.com\/en\/wp-json\/wp\/v2\/esemeny\/2129\/revisions"}],"predecessor-version":[{"id":2132,"href":"https:\/\/libertapraxis.com\/en\/wp-json\/wp\/v2\/esemeny\/2129\/revisions\/2132"}],"wp:featuredmedia":[{"embeddable":true,"href":"https:\/\/libertapraxis.com\/en\/wp-json\/wp\/v2\/media\/2130"}],"wp:attachment":[{"href":"https:\/\/libertapraxis.com\/en\/wp-json\/wp\/v2\/media?parent=2129"}],"wp:term":[{"taxonomy":"category","embeddable":true,"href":"https:\/\/libertapraxis.com\/en\/wp-json\/wp\/v2\/categories?post=2129"},{"taxonomy":"post_tag","embeddable":true,"href":"https:\/\/libertapraxis.com\/en\/wp-json\/wp\/v2\/tags?post=2129"}],"curies":[{"name":"wp","href":"https:\/\/api.w.org\/{rel}","templated":true}]}}